{"id":2489,"date":"2026-03-03T18:23:45","date_gmt":"2026-03-03T17:23:45","guid":{"rendered":"https:\/\/tessitura.ch\/?post_type=product&#038;p=2489"},"modified":"2026-03-03T19:35:50","modified_gmt":"2026-03-03T18:35:50","slug":"querta-da-retai","status":"publish","type":"product","link":"https:\/\/tessitura.ch\/de\/prodotto\/querta-da-retai\/","title":{"rendered":"Qu\u00e8rta da ret\u00e0i"},"content":{"rendered":"<p>Die <strong>Qu\u00e8rta da retai<\/strong> oder <strong>Pel\u00f2rscia<\/strong> unterscheidet sich von der Puschlafer Decke (<em>Qu\u00e8rta da Pus\u2019ciaf<\/em>) sowohl durch ihre Verwendung als auch durch ihr Material. Die <em>Qu\u00e8rta da Pus\u2019ciaf<\/em> besteht vollst\u00e4ndig aus Wolle. Die <em>Qu\u00e8rta da ret\u00e0i<\/em> hingegen wird haupts\u00e4chlich auf Leinenbasis hergestellt. Die Besonderheit dieser Decke besteht in der Einarbeitung von Stoffresten. Dabei handelt es sich um etwa 1 cm breite Streifen, die aus Stoffresten oder alten Futterstoffen gewonnen werden. Nach dem sorgf\u00e4ltigen Zuschneiden werden die Streifen auf die Spule gewickelt, damit sie von der Weberin verarbeitet werden k\u00f6nnen. Die Decken weisen daher in der Regel hellbraune Streifen (Rohleinen) auf, die sich mit Baumwollstreifen in verschiedenen Farben wie Rot, Blau oder Gelb abwechseln. Auch wenn sie sich anfangs etwas hart anf\u00fchlen, werden die Decken mit der Zeit weicher, nachdem sie ein paar Mal gewaschen wurden. Bei diesem Vorgang ver\u00e4nderte sich auch die Farbe und wurde nach und nach heller. Heute wird dieser Stoff auch f\u00fcr Tischdecken oder zur Herstellung von Kissen, Taschen und vielem mehr verwendet.<\/p>\n","protected":false},"excerpt":{"rendered":"<p>Eine Tagesdecke oder eine Tischdecke, ein vielseitig einsetzbarer Artikel<\/p>\n<p>Material: Kette aus Leinen, Schuss aus Leinen und Baumwollstoffresten<\/p>\n<p>Gr\u00f6sse: 174 x 230 cm<\/p>\n","protected":false},"featured_media":2490,"template":"","meta":[],"product_brand":[],"product_cat":[99,31,235],"product_tag":[],"class_list":{"0":"post-2489","1":"product","2":"type-product","3":"status-publish","4":"has-post-thumbnail","6":"product_cat-all","7":"product_cat-salotto","8":"product_cat-tavola","10":"first","11":"instock","12":"shipping-taxable","13":"purchasable","14":"product-type-variable"},"yoast_head":"<!-- This site is optimized with the Yoast SEO plugin v27.1.1 - https:\/\/yoast.com\/product\/yoast-seo-wordpress\/ -->\n<title>Qu\u00e8rta da ret\u00e0i<\/title>\n<meta name=\"robots\" content=\"index, follow, max-snippet:-1, max-image-preview:large, max-video-preview:-1\" \/>\n<link rel=\"canonical\" href=\"https:\/\/tessitura.ch\/de\/prodotto\/querta-da-retai\/\" \/>\n<meta property=\"og:locale\" content=\"de_DE\" \/>\n<meta property=\"og:locale:alternate\" content=\"it_IT\" \/>\n<meta property=\"og:type\" content=\"article\" \/>\n<meta property=\"og:title\" content=\"Qu\u00e8rta da ret\u00e0i\" \/>\n<meta property=\"og:description\" content=\"Eine Tagesdecke oder eine Tischdecke, ein vielseitig einsetzbarer Artikel  Material: Kette aus Leinen, Schuss aus Leinen und Baumwollstoffresten  Gr\u00f6sse: 174 x 230 cm\" \/>\n<meta property=\"og:url\" content=\"https:\/\/tessitura.ch\/de\/prodotto\/querta-da-retai\/\" \/>\n<meta property=\"og:site_name\" content=\"Tessitura Valposchiavo\" \/>\n<meta property=\"article:modified_time\" content=\"2026-03-03T18:35:50+00:00\" \/>\n<meta property=\"og:image\" content=\"https:\/\/tessitura.ch\/wp-content\/uploads\/querta-retai-tavolo2.jpg\" \/>\n\t<meta property=\"og:image:width\" content=\"2000\" \/>\n\t<meta property=\"og:image:height\" content=\"2000\" \/>\n\t<meta property=\"og:image:type\" content=\"image\/jpeg\" \/>\n<meta name=\"twitter:card\" content=\"summary_large_image\" \/>\n<meta name=\"twitter:label1\" content=\"Gesch\u00e4tzte Lesezeit\" \/>\n\t<meta name=\"twitter:data1\" content=\"2\u00a0Minuten\" \/>\n<script type=\"application\/ld+json\" class=\"yoast-schema-graph\">{\"@context\":\"https:\/\/schema.org\",\"@graph\":[{\"@type\":\"WebPage\",\"@id\":\"https:\/\/tessitura.ch\/prodotto\/querta-da-retai\/\",\"url\":\"https:\/\/tessitura.ch\/prodotto\/querta-da-retai\/\",\"name\":\"Qu\u00e8rta da ret\u00e0i\",\"isPartOf\":{\"@id\":\"https:\/\/tessitura.ch\/#website\"},\"primaryImageOfPage\":{\"@id\":\"https:\/\/tessitura.ch\/prodotto\/querta-da-retai\/#primaryimage\"},\"image\":{\"@id\":\"https:\/\/tessitura.ch\/prodotto\/querta-da-retai\/#primaryimage\"},\"thumbnailUrl\":\"https:\/\/tessitura.ch\/wp-content\/uploads\/querta-retai-letto.jpg\",\"datePublished\":\"2026-03-03T17:23:45+00:00\",\"dateModified\":\"2026-03-03T18:35:50+00:00\",\"breadcrumb\":{\"@id\":\"https:\/\/tessitura.ch\/prodotto\/querta-da-retai\/#breadcrumb\"},\"inLanguage\":\"de-CH\",\"potentialAction\":[{\"@type\":\"ReadAction\",\"target\":[\"https:\/\/tessitura.ch\/prodotto\/querta-da-retai\/\"]}]},{\"@type\":\"ImageObject\",\"inLanguage\":\"de-CH\",\"@id\":\"https:\/\/tessitura.ch\/prodotto\/querta-da-retai\/#primaryimage\",\"url\":\"https:\/\/tessitura.ch\/wp-content\/uploads\/querta-retai-letto.jpg\",\"contentUrl\":\"https:\/\/tessitura.ch\/wp-content\/uploads\/querta-retai-letto.jpg\",\"width\":2000,\"height\":2000},{\"@type\":\"BreadcrumbList\",\"@id\":\"https:\/\/tessitura.ch\/prodotto\/querta-da-retai\/#breadcrumb\",\"itemListElement\":[{\"@type\":\"ListItem\",\"position\":1,\"name\":\"Home\",\"item\":\"https:\/\/tessitura.ch\/\"},{\"@type\":\"ListItem\",\"position\":2,\"name\":\"Prodotti\",\"item\":\"https:\/\/tessitura.ch\/prodotti\/\"},{\"@type\":\"ListItem\",\"position\":3,\"name\":\"Qu\u00e8rta da ret\u00e0i\"}]},{\"@type\":\"WebSite\",\"@id\":\"https:\/\/tessitura.ch\/#website\",\"url\":\"https:\/\/tessitura.ch\/\",\"name\":\"Tessitura Valposchiavo\",\"description\":\"\",\"publisher\":{\"@id\":\"https:\/\/tessitura.ch\/#organization\"},\"potentialAction\":[{\"@type\":\"SearchAction\",\"target\":{\"@type\":\"EntryPoint\",\"urlTemplate\":\"https:\/\/tessitura.ch\/?s={search_term_string}\"},\"query-input\":{\"@type\":\"PropertyValueSpecification\",\"valueRequired\":true,\"valueName\":\"search_term_string\"}}],\"inLanguage\":\"de-CH\"},{\"@type\":\"Organization\",\"@id\":\"https:\/\/tessitura.ch\/#organization\",\"name\":\"Tessitura Valposchiavo\",\"url\":\"https:\/\/tessitura.ch\/\",\"logo\":{\"@type\":\"ImageObject\",\"inLanguage\":\"de-CH\",\"@id\":\"https:\/\/tessitura.ch\/#\/schema\/logo\/image\/\",\"url\":\"https:\/\/tessitura.ch\/wp-content\/uploads\/LogoTessitura_rosso-1.png\",\"contentUrl\":\"https:\/\/tessitura.ch\/wp-content\/uploads\/LogoTessitura_rosso-1.png\",\"width\":1706,\"height\":334,\"caption\":\"Tessitura Valposchiavo\"},\"image\":{\"@id\":\"https:\/\/tessitura.ch\/#\/schema\/logo\/image\/\"},\"sameAs\":[\"https:\/\/www.instagram.com\/tessituravalposchiavo\/\"]}]}<\/script>\n<!-- \/ Yoast SEO plugin. -->","yoast_head_json":{"title":"Qu\u00e8rta da ret\u00e0i","robots":{"index":"index","follow":"follow","max-snippet":"max-snippet:-1","max-image-preview":"max-image-preview:large","max-video-preview":"max-video-preview:-1"},"canonical":"https:\/\/tessitura.ch\/de\/prodotto\/querta-da-retai\/","og_locale":"de_DE","og_type":"article","og_title":"[:de]Qu\u00e8rta da ret\u00e0i[:it]Qu\u00e8rta da ret\u00e0i[:] - Tessitura Valposchiavo","og_description":"Eine Tagesdecke oder eine Tischdecke, ein vielseitig einsetzbarer Artikel  Material: Kette aus Leinen, Schuss aus Leinen und Baumwollstoffresten  Gr\u00f6sse: 174 x 230 cm","og_url":"https:\/\/tessitura.ch\/de\/prodotto\/querta-da-retai\/","og_site_name":"Tessitura Valposchiavo","article_modified_time":"2026-03-03T18:35:50+00:00","og_image":[{"width":2000,"height":2000,"url":"https:\/\/tessitura.ch\/wp-content\/uploads\/querta-retai-tavolo2.jpg","type":"image\/jpeg"}],"twitter_card":"summary_large_image","twitter_misc":{"Gesch\u00e4tzte Lesezeit":"2\u00a0Minuten"},"schema":{"@context":"https:\/\/schema.org","@graph":[{"@type":"WebPage","@id":"https:\/\/tessitura.ch\/prodotto\/querta-da-retai\/","url":"https:\/\/tessitura.ch\/prodotto\/querta-da-retai\/","name":"Qu\u00e8rta da ret\u00e0i","isPartOf":{"@id":"https:\/\/tessitura.ch\/#website"},"primaryImageOfPage":{"@id":"https:\/\/tessitura.ch\/prodotto\/querta-da-retai\/#primaryimage"},"image":{"@id":"https:\/\/tessitura.ch\/prodotto\/querta-da-retai\/#primaryimage"},"thumbnailUrl":"https:\/\/tessitura.ch\/wp-content\/uploads\/querta-retai-letto.jpg","datePublished":"2026-03-03T17:23:45+00:00","dateModified":"2026-03-03T18:35:50+00:00","breadcrumb":{"@id":"https:\/\/tessitura.ch\/prodotto\/querta-da-retai\/#breadcrumb"},"inLanguage":"de-CH","potentialAction":[{"@type":"ReadAction","target":["https:\/\/tessitura.ch\/prodotto\/querta-da-retai\/"]}]},{"@type":"ImageObject","inLanguage":"de-CH","@id":"https:\/\/tessitura.ch\/prodotto\/querta-da-retai\/#primaryimage","url":"https:\/\/tessitura.ch\/wp-content\/uploads\/querta-retai-letto.jpg","contentUrl":"https:\/\/tessitura.ch\/wp-content\/uploads\/querta-retai-letto.jpg","width":2000,"height":2000},{"@type":"BreadcrumbList","@id":"https:\/\/tessitura.ch\/prodotto\/querta-da-retai\/#breadcrumb","itemListElement":[{"@type":"ListItem","position":1,"name":"Home","item":"https:\/\/tessitura.ch\/"},{"@type":"ListItem","position":2,"name":"Prodotti","item":"https:\/\/tessitura.ch\/prodotti\/"},{"@type":"ListItem","position":3,"name":"Qu\u00e8rta da ret\u00e0i"}]},{"@type":"WebSite","@id":"https:\/\/tessitura.ch\/#website","url":"https:\/\/tessitura.ch\/","name":"Tessitura Valposchiavo","description":"","publisher":{"@id":"https:\/\/tessitura.ch\/#organization"},"potentialAction":[{"@type":"SearchAction","target":{"@type":"EntryPoint","urlTemplate":"https:\/\/tessitura.ch\/?s={search_term_string}"},"query-input":{"@type":"PropertyValueSpecification","valueRequired":true,"valueName":"search_term_string"}}],"inLanguage":"de-CH"},{"@type":"Organization","@id":"https:\/\/tessitura.ch\/#organization","name":"Tessitura Valposchiavo","url":"https:\/\/tessitura.ch\/","logo":{"@type":"ImageObject","inLanguage":"de-CH","@id":"https:\/\/tessitura.ch\/#\/schema\/logo\/image\/","url":"https:\/\/tessitura.ch\/wp-content\/uploads\/LogoTessitura_rosso-1.png","contentUrl":"https:\/\/tessitura.ch\/wp-content\/uploads\/LogoTessitura_rosso-1.png","width":1706,"height":334,"caption":"Tessitura Valposchiavo"},"image":{"@id":"https:\/\/tessitura.ch\/#\/schema\/logo\/image\/"},"sameAs":["https:\/\/www.instagram.com\/tessituravalposchiavo\/"]}]}},"_links":{"self":[{"href":"https:\/\/tessitura.ch\/de\/wp-json\/wp\/v2\/product\/2489","targetHints":{"allow":["GET"]}}],"collection":[{"href":"https:\/\/tessitura.ch\/de\/wp-json\/wp\/v2\/product"}],"about":[{"href":"https:\/\/tessitura.ch\/de\/wp-json\/wp\/v2\/types\/product"}],"wp:featuredmedia":[{"embeddable":true,"href":"https:\/\/tessitura.ch\/de\/wp-json\/wp\/v2\/media\/2490"}],"wp:attachment":[{"href":"https:\/\/tessitura.ch\/de\/wp-json\/wp\/v2\/media?parent=2489"}],"wp:term":[{"taxonomy":"product_brand","embeddable":true,"href":"https:\/\/tessitura.ch\/de\/wp-json\/wp\/v2\/product_brand?post=2489"},{"taxonomy":"product_cat","embeddable":true,"href":"https:\/\/tessitura.ch\/de\/wp-json\/wp\/v2\/product_cat?post=2489"},{"taxonomy":"product_tag","embeddable":true,"href":"https:\/\/tessitura.ch\/de\/wp-json\/wp\/v2\/product_tag?post=2489"}],"curies":[{"name":"wp","href":"https:\/\/api.w.org\/{rel}","templated":true}]}}